{"id":28,"date":"2018-02-17T22:41:47","date_gmt":"2018-02-17T21:41:47","guid":{"rendered":"http:\/\/iska-marina.fr\/?page_id=28"},"modified":"2026-01-04T19:43:55","modified_gmt":"2026-01-04T18:43:55","slug":"ferme","status":"publish","type":"page","link":"https:\/\/iska-marina.fr\/index.php\/ferme\/","title":{"rendered":"Notre ferme"},"content":{"rendered":"<p style=\"padding-left: 40px;\"><strong><em>Qui sommes-nous ?<\/em><\/strong><\/p>\n<p>Iska et Marina, jeune couple de retour \u00e0 la terre apr\u00e8s quelques ann\u00e9es \u00e0 animer le d\u00e9veloppement de l&rsquo;agriculture biologique&#8230; Nous avons choisi de nous installer sur le village d&rsquo;enfance d&rsquo;Iska \u00e0 Saint-Martin-de-Curton dans le Lot-et-Garonne, en paysage des Landes de Gascogne et dans le pays bazadais.<\/p>\n<p><img loading=\"lazy\" decoding=\"async\" data-attachment-id=\"461\" data-permalink=\"https:\/\/iska-marina.fr\/index.php\/ferme\/p_20180609_113333_4\/\" data-orig-file=\"https:\/\/iska-marina.fr\/wp-content\/uploads\/2018\/06\/P_20180609_113333_4.jpg\" data-orig-size=\"4608,3456\" data-comments-opened=\"1\" data-image-meta=\"{&quot;aperture&quot;:&quot;2&quot;,&quot;credit&quot;:&quot;&quot;,&quot;camera&quot;:&quot;ASUS_X018D&quot;,&quot;caption&quot;:&quot;&quot;,&quot;created_timestamp&quot;:&quot;1528544013&quot;,&quot;copyright&quot;:&quot;&quot;,&quot;focal_length&quot;:&quot;3.5&quot;,&quot;iso&quot;:&quot;110&quot;,&quot;shutter_speed&quot;:&quot;0.001922&quot;,&quot;title&quot;:&quot;&quot;,&quot;orientation&quot;:&quot;1&quot;}\" data-image-title=\"P_20180609_113333_4\" data-image-description=\"\" data-image-caption=\"\" data-medium-file=\"https:\/\/iska-marina.fr\/wp-content\/uploads\/2018\/06\/P_20180609_113333_4-300x225.jpg\" data-large-file=\"https:\/\/iska-marina.fr\/wp-content\/uploads\/2018\/06\/P_20180609_113333_4-1024x768.jpg\" class=\"alignnone wp-image-461 size-large aligncenter\" src=\"https:\/\/iska-marina.fr\/wp-content\/uploads\/2018\/06\/P_20180609_113333_4-1024x768.jpg\" alt=\"\" width=\"1024\" height=\"768\" srcset=\"https:\/\/iska-marina.fr\/wp-content\/uploads\/2018\/06\/P_20180609_113333_4-1024x768.jpg 1024w, https:\/\/iska-marina.fr\/wp-content\/uploads\/2018\/06\/P_20180609_113333_4-300x225.jpg 300w, https:\/\/iska-marina.fr\/wp-content\/uploads\/2018\/06\/P_20180609_113333_4-768x576.jpg 768w, https:\/\/iska-marina.fr\/wp-content\/uploads\/2018\/06\/P_20180609_113333_4-1440x1080.jpg 1440w\" sizes=\"(max-width: 1024px) 100vw, 1024px\" \/><\/p>\n<p><strong><em>Notre philosophie paysanne ?<\/em><\/strong><\/p>\n<p style=\"padding-left: 40px;\">Nous \u00e9levons nos animaux sur une <strong>ferme \u00e0 taille familiale, <a href=\"https:\/\/certificat.ecocert.com\/entreprise\/263F338C-D4DA-497D-B7C2-1DDCF2CBCEC5\" target=\"_blank\" rel=\"noopener noreferrer\">en bio<\/a> et en plein air<\/strong>. Aussi, nos ruminants se nourrissent uniquement d&rsquo;herbe, certifi\u00e9 sous le <a href=\"https:\/\/patures-et-papilles.fr\/\" target=\"_blank\" rel=\"noopener\">label P\u00e2tures &amp; Papilles, bio &amp; 100% herbe<\/a>, en prairie ou en parcours landais et en sous-bois, o\u00f9 ils se r\u00e9galent aussi de ronces, gen\u00eats et autres broussailles. \u00c7a tombe bien, c&rsquo;est la flore spontan\u00e9e du coin. Du foin de la ferme est distribu\u00e9 dans les situations climatiques extr\u00eames et du sel et des min\u00e9raux naturels pour soutenir leur syst\u00e8me immunitaire.<\/p>\n<p><img loading=\"lazy\" decoding=\"async\" data-attachment-id=\"1356\" data-permalink=\"https:\/\/iska-marina.fr\/index.php\/produits\/logoab_eurofeuille_biologique\/\" data-orig-file=\"https:\/\/iska-marina.fr\/wp-content\/uploads\/2020\/11\/logoab_eurofeuille_biologique.png\" data-orig-size=\"1107,609\" data-comments-opened=\"1\" data-image-meta=\"{&quot;aperture&quot;:&quot;0&quot;,&quot;credit&quot;:&quot;&quot;,&quot;camera&quot;:&quot;&quot;,&quot;caption&quot;:&quot;&quot;,&quot;created_timestamp&quot;:&quot;0&quot;,&quot;copyright&quot;:&quot;&quot;,&quot;focal_length&quot;:&quot;0&quot;,&quot;iso&quot;:&quot;0&quot;,&quot;shutter_speed&quot;:&quot;0&quot;,&quot;title&quot;:&quot;&quot;,&quot;orientation&quot;:&quot;0&quot;}\" data-image-title=\"logoab_eurofeuille_biologique\" data-image-description=\"\" data-image-caption=\"\" data-medium-file=\"https:\/\/iska-marina.fr\/wp-content\/uploads\/2020\/11\/logoab_eurofeuille_biologique-300x165.png\" data-large-file=\"https:\/\/iska-marina.fr\/wp-content\/uploads\/2020\/11\/logoab_eurofeuille_biologique-1024x563.png\" class=\"aligncenter wp-image-1356 size-medium\" src=\"https:\/\/iska-marina.fr\/wp-content\/uploads\/2020\/11\/logoab_eurofeuille_biologique-300x165.png\" alt=\"\" width=\"300\" height=\"165\" srcset=\"https:\/\/iska-marina.fr\/wp-content\/uploads\/2020\/11\/logoab_eurofeuille_biologique-300x165.png 300w, https:\/\/iska-marina.fr\/wp-content\/uploads\/2020\/11\/logoab_eurofeuille_biologique-1024x563.png 1024w, https:\/\/iska-marina.fr\/wp-content\/uploads\/2020\/11\/logoab_eurofeuille_biologique-768x423.png 768w, https:\/\/iska-marina.fr\/wp-content\/uploads\/2020\/11\/logoab_eurofeuille_biologique.png 1107w\" sizes=\"(max-width: 300px) 100vw, 300px\" \/><\/p>\n<p>Chez nous, pas de chimie !<br \/>Ni sur les p\u00e2tures. Ce sont les troupeaux qui se chargent de la fertilisation par leurs petites crottes ou grosses bouses&#8230;<br \/>Ni sur les animaux. Si besoin, ils sont soign\u00e9s en phyto et aromath\u00e9rapie, mais en vrai, ils ne sont presque jamais malades !\u00a0<img loading=\"lazy\" decoding=\"async\" data-attachment-id=\"321\" data-permalink=\"https:\/\/iska-marina.fr\/index.php\/ferme\/p_20180105_083332_hdr\/\" data-orig-file=\"https:\/\/iska-marina.fr\/wp-content\/uploads\/2018\/03\/P_20180105_083332_HDR.jpg\" data-orig-size=\"4096,2304\" data-comments-opened=\"1\" data-image-meta=\"{&quot;aperture&quot;:&quot;0&quot;,&quot;credit&quot;:&quot;&quot;,&quot;camera&quot;:&quot;ASUS_Z011D&quot;,&quot;caption&quot;:&quot;&quot;,&quot;created_timestamp&quot;:&quot;1515141212&quot;,&quot;copyright&quot;:&quot;&quot;,&quot;focal_length&quot;:&quot;3.78&quot;,&quot;iso&quot;:&quot;460&quot;,&quot;shutter_speed&quot;:&quot;0.03030303030303&quot;,&quot;title&quot;:&quot;&quot;,&quot;orientation&quot;:&quot;1&quot;}\" data-image-title=\"P_20180105_083332_HDR\" data-image-description=\"\" data-image-caption=\"\" data-medium-file=\"https:\/\/iska-marina.fr\/wp-content\/uploads\/2018\/03\/P_20180105_083332_HDR-300x169.jpg\" data-large-file=\"https:\/\/iska-marina.fr\/wp-content\/uploads\/2018\/03\/P_20180105_083332_HDR-1024x576.jpg\" class=\"size-large wp-image-321 aligncenter\" src=\"https:\/\/iska-marina.fr\/wp-content\/uploads\/2018\/03\/P_20180105_083332_HDR-1024x576.jpg\" alt=\"\" width=\"1024\" height=\"576\" srcset=\"https:\/\/iska-marina.fr\/wp-content\/uploads\/2018\/03\/P_20180105_083332_HDR-1024x576.jpg 1024w, https:\/\/iska-marina.fr\/wp-content\/uploads\/2018\/03\/P_20180105_083332_HDR-300x169.jpg 300w, https:\/\/iska-marina.fr\/wp-content\/uploads\/2018\/03\/P_20180105_083332_HDR-768x432.jpg 768w, https:\/\/iska-marina.fr\/wp-content\/uploads\/2018\/03\/P_20180105_083332_HDR-1920x1080.jpg 1920w\" sizes=\"(max-width: 1024px) 100vw, 1024px\" \/><\/p>\n<p>Nous apportons de la vie dans notre campagne, par nos animaux qui \u00e9gayent les paysages lorsqu&rsquo;ils p\u00e2turent et font tinter leurs sonnailles mais aussi en commercialisant directement et en impliquant les consommateurs \u00e0 la dynamique de la ferme. Notre intention, que toute cette vie puisse nous faire vivre !<\/p>\n<p><strong><em>Quels animaux pour quel territoire ?<\/em><\/strong><\/p>\n<p>Deux esp\u00e8ces locales sont pr\u00e9sentes sur la ferme, choisies pour leur rusticit\u00e9 et leur adaptation \u00e0 notre milieu mais aussi pour le patrimoine g\u00e9n\u00e9tique et la biodiversit\u00e9 domestique qu&rsquo;elles repr\u00e9sentent :<\/p>\n<ul>\n<li>Les <strong>brebis Landaises<\/strong> : au c\u0153ur du syst\u00e8me agro-pastoral landais gascon d&rsquo;autrefois, probablement un million d&rsquo;individus avaient pour premier r\u00f4le la fertilisation des terres pour les cultures. Quasi disparue il y a quelques d\u00e9cennies, la brebis Landaise suit aujourd&rsquo;hui un accompagnement de sauvegarde pour reconstruire la diversit\u00e9 et la force de cette race dans son environnement. Plus d&rsquo;infos concernant le mouton Landais sur le site du <a href=\"http:\/\/www.racesaquitaine.fr\/-Le-Mouton-Landais-\" target=\"_blank\" rel=\"noopener noreferrer\">Conservatoire<\/a>.<br \/>\n<div id=\"attachment_320\" style=\"width: 1034px\" class=\"wp-caption aligncenter\"><img loading=\"lazy\" decoding=\"async\" aria-describedby=\"caption-attachment-320\" data-attachment-id=\"320\" data-permalink=\"https:\/\/iska-marina.fr\/index.php\/ferme\/p_20171224_100144\/\" data-orig-file=\"https:\/\/iska-marina.fr\/wp-content\/uploads\/2018\/03\/P_20171224_100144.jpg\" data-orig-size=\"4096,2304\" data-comments-opened=\"1\" data-image-meta=\"{&quot;aperture&quot;:&quot;0&quot;,&quot;credit&quot;:&quot;&quot;,&quot;camera&quot;:&quot;ASUS_Z011D&quot;,&quot;caption&quot;:&quot;&quot;,&quot;created_timestamp&quot;:&quot;1514109704&quot;,&quot;copyright&quot;:&quot;&quot;,&quot;focal_length&quot;:&quot;3.78&quot;,&quot;iso&quot;:&quot;400&quot;,&quot;shutter_speed&quot;:&quot;0.0025252525252525&quot;,&quot;title&quot;:&quot;&quot;,&quot;orientation&quot;:&quot;1&quot;}\" data-image-title=\"P_20171224_100144\" data-image-description=\"\" data-image-caption=\"\" data-medium-file=\"https:\/\/iska-marina.fr\/wp-content\/uploads\/2018\/03\/P_20171224_100144-300x169.jpg\" data-large-file=\"https:\/\/iska-marina.fr\/wp-content\/uploads\/2018\/03\/P_20171224_100144-1024x576.jpg\" class=\"wp-image-320 size-large\" src=\"https:\/\/iska-marina.fr\/wp-content\/uploads\/2018\/03\/P_20171224_100144-1024x576.jpg\" alt=\"\" width=\"1024\" height=\"576\" srcset=\"https:\/\/iska-marina.fr\/wp-content\/uploads\/2018\/03\/P_20171224_100144-1024x576.jpg 1024w, https:\/\/iska-marina.fr\/wp-content\/uploads\/2018\/03\/P_20171224_100144-300x169.jpg 300w, https:\/\/iska-marina.fr\/wp-content\/uploads\/2018\/03\/P_20171224_100144-768x432.jpg 768w, https:\/\/iska-marina.fr\/wp-content\/uploads\/2018\/03\/P_20171224_100144-1920x1080.jpg 1920w\" sizes=\"(max-width: 1024px) 100vw, 1024px\" \/><p id=\"caption-attachment-320\" class=\"wp-caption-text\">Pigaille et son agneau<\/p><\/div>\n<\/li>\n<li>Les <strong>vaches Bordelaises<\/strong> : Qu&rsquo;elles soient \u00ab\u00a0beyrettes\u00a0\u00bb (tachet\u00e9es) ou \u00ab\u00a0pigaill\u00e9es\u00a0\u00bb (mouchet\u00e9es), le noir et blanc est de mise ! Race \u00e0 tr\u00e8s faible effectif de nos jours, connue historiquement pour sa production laiti\u00e8re girondine, elle est rustique et sera donner un bon \u00e9quilibre de production mixte (lait-allaitant-viande-travail) en valorisant des terroirs et des fourrages tr\u00e8s vari\u00e9s. Plus d&rsquo;infos \u00e0 propos de cette belle vache sur le site du <a href=\"http:\/\/www.racesaquitaine.fr\/-La-Vache-Bordelaise-\" target=\"_blank\" rel=\"noopener noreferrer\">Conservatoire<\/a>.<\/li>\n<\/ul>\n<div id=\"attachment_322\" style=\"width: 1034px\" class=\"wp-caption aligncenter\"><img loading=\"lazy\" decoding=\"async\" aria-describedby=\"caption-attachment-322\" data-attachment-id=\"322\" data-permalink=\"https:\/\/iska-marina.fr\/index.php\/ferme\/p_20170721_105901\/\" data-orig-file=\"https:\/\/iska-marina.fr\/wp-content\/uploads\/2018\/03\/P_20170721_105901.jpg\" data-orig-size=\"4096,2304\" data-comments-opened=\"1\" data-image-meta=\"{&quot;aperture&quot;:&quot;0&quot;,&quot;credit&quot;:&quot;&quot;,&quot;camera&quot;:&quot;ASUS_Z011D&quot;,&quot;caption&quot;:&quot;&quot;,&quot;created_timestamp&quot;:&quot;1500634741&quot;,&quot;copyright&quot;:&quot;&quot;,&quot;focal_length&quot;:&quot;3.78&quot;,&quot;iso&quot;:&quot;400&quot;,&quot;shutter_speed&quot;:&quot;0.0010928961748634&quot;,&quot;title&quot;:&quot;&quot;,&quot;orientation&quot;:&quot;1&quot;}\" data-image-title=\"P_20170721_105901\" data-image-description=\"\" data-image-caption=\"\" data-medium-file=\"https:\/\/iska-marina.fr\/wp-content\/uploads\/2018\/03\/P_20170721_105901-300x169.jpg\" data-large-file=\"https:\/\/iska-marina.fr\/wp-content\/uploads\/2018\/03\/P_20170721_105901-1024x576.jpg\" class=\"wp-image-322 size-large\" src=\"https:\/\/iska-marina.fr\/wp-content\/uploads\/2018\/03\/P_20170721_105901-1024x576.jpg\" alt=\"\" width=\"1024\" height=\"576\" srcset=\"https:\/\/iska-marina.fr\/wp-content\/uploads\/2018\/03\/P_20170721_105901-1024x576.jpg 1024w, https:\/\/iska-marina.fr\/wp-content\/uploads\/2018\/03\/P_20170721_105901-300x169.jpg 300w, https:\/\/iska-marina.fr\/wp-content\/uploads\/2018\/03\/P_20170721_105901-768x432.jpg 768w, https:\/\/iska-marina.fr\/wp-content\/uploads\/2018\/03\/P_20170721_105901-1920x1080.jpg 1920w\" sizes=\"(max-width: 1024px) 100vw, 1024px\" \/><p id=\"caption-attachment-322\" class=\"wp-caption-text\">Kash<\/p><\/div>\n<p>En tant qu&rsquo;adh\u00e9rente du Conservatoire des Races d&rsquo;Aquitaine, notre ferme participe \u00e0 la sauvegarde de ces deux races locales. Vous trouverez plus d&rsquo;informations sur celles-ci et le travail de l&rsquo;association sur leur site (voir\u00a0<a href=\"http:\/\/iska-marina.fr\/index.php\/amis-et-partenaires\/\">nos amis et partenaires<\/a>).<\/p>\n<p><em><strong>Comment participer au projet ?<\/strong><\/em><\/p>\n<p>Pour nous soutenir et si \u00e7a vous int\u00e9resse, le mieux reste de <strong>consommer notre bonne viande<\/strong>. <a href=\"http:\/\/iska-marina.fr\/index.php\/produits\/\">&#8211;&gt; Nos produits, c&rsquo;est par ici !<\/a><\/p>\n<p>Vous pouvez aussi nous faire conna\u00eetre en suivant nos activit\u00e9s et en les partageant: abonnez-vous,<\/p>\n<p>&#8211;&gt; \u00e0 notre <strong>lettre d&rsquo;informations<\/strong>,\u00a0<p><div class=\"tnp tnp-subscription \">\n<form method=\"post\" action=\"https:\/\/iska-marina.fr\/wp-admin\/admin-ajax.php?action=tnp&amp;na=s\">\n<input type=\"hidden\" name=\"nlang\" value=\"\">\n<div class=\"tnp-field tnp-field-surname\"><label for=\"tnp-1\">Nom et Pr\u00e9nom<\/label>\n<input class=\"tnp-surname\" type=\"text\" name=\"ns\" id=\"tnp-1\" value=\"\" placeholder=\"\" required><\/div><div class=\"tnp-field tnp-field-email\"><label for=\"tnp-2\">Email<\/label>\n<input class=\"tnp-email\" type=\"email\" name=\"ne\" id=\"tnp-2\" value=\"\" placeholder=\"\" required><\/div>\n<div class=\"tnp-field tnp-field-profile\"><label for=\"tnp-3\">T\u00e9l\u00e9phone (facultatif)<\/label>\n<input class=\"tnp-profile tnp-profile-1\" id=\"tnp-profile_1\" type=\"text\" size=\"\" name=\"np1\" placeholder=\"\"><\/div>\n<div class=\"tnp-field tnp-field-profile\"><label for=\"tnp-4\">Commune (facultatif)<\/label>\n<input class=\"tnp-profile tnp-profile-2\" id=\"tnp-profile_2\" type=\"text\" size=\"\" name=\"np2\" placeholder=\"\"><\/div>\n<div class=\"tnp-field tnp-privacy-field\"><label>En validant le formulaire, j\u2019accepte de m\u2019inscrire sur le fichier d&#039;information de La Ferme d&#039;Iska &amp; Marina, et de recevoir l\u2019annonce des produits disponibles. Conform\u00e9ment au RGPD, je conserve un droit de consultation, modification et suppression de mes donn\u00e9es personnelles.<\/label><\/div><div class=\"tnp-field tnp-field-button\" style=\"text-align: left\"><input class=\"tnp-submit\" type=\"submit\" value=\"Je clique et m&#039;inscris \u00e0 la lettre de la ferme !\" style=\"\">\n<\/div>\n<\/form>\n<\/div>\n<\/p><\/p>\n<p>&#8211;&gt; \u00e0 notre <strong>page <a href=\"https:\/\/www.facebook.com\/ferme.iska.marina\" target=\"_blank\" rel=\"noopener noreferrer\">facebook.com\/ferme.iska.marina<\/a><\/strong>.<\/p>\n<div class=\"fb-like\" data-href=\"https:\/\/www.facebook.com\/ferme.iska.marina\/\" data-width=\"100\" data-layout=\"standard\" data-action=\"like\" data-size=\"large\" data-show-faces=\"false\" data-share=\"true\">\u00a0<\/div>\n<p>Et venez nous rencontrer et donner un coup de main \u00e0 l&rsquo;occasion d&rsquo;\u00e9v\u00e9nements (tonte des brebis, transhumance, f\u00eate&#8230;).<\/p>\n<p><strong>Parce que notre ferme est un lieu de partage et d&rsquo;\u00e9changes pour un projet de <em>paysannerie agri-spirituelle.\u00a0A bient\u00f4t !<\/em><\/strong><\/p>\n<p><em>Iska &amp; Marina<\/em>.<\/p>\n<p><img loading=\"lazy\" decoding=\"async\" data-attachment-id=\"323\" data-permalink=\"https:\/\/iska-marina.fr\/index.php\/ferme\/p_20170310_180425_1\/\" data-orig-file=\"https:\/\/iska-marina.fr\/wp-content\/uploads\/2018\/03\/P_20170310_180425_1.jpg\" data-orig-size=\"1432,1787\" data-comments-opened=\"1\" data-image-meta=\"{&quot;aperture&quot;:&quot;0&quot;,&quot;credit&quot;:&quot;&quot;,&quot;camera&quot;:&quot;ASUS_Z011D&quot;,&quot;caption&quot;:&quot;&quot;,&quot;created_timestamp&quot;:&quot;1489169065&quot;,&quot;copyright&quot;:&quot;&quot;,&quot;focal_length&quot;:&quot;3.78&quot;,&quot;iso&quot;:&quot;50&quot;,&quot;shutter_speed&quot;:&quot;0.0015105740181269&quot;,&quot;title&quot;:&quot;&quot;,&quot;orientation&quot;:&quot;1&quot;}\" data-image-title=\"P_20170310_180425_1\" data-image-description=\"\" data-image-caption=\"\" data-medium-file=\"https:\/\/iska-marina.fr\/wp-content\/uploads\/2018\/03\/P_20170310_180425_1-240x300.jpg\" data-large-file=\"https:\/\/iska-marina.fr\/wp-content\/uploads\/2018\/03\/P_20170310_180425_1-821x1024.jpg\" class=\"wp-image-323 alignleft\" src=\"https:\/\/iska-marina.fr\/wp-content\/uploads\/2018\/03\/P_20170310_180425_1-240x300.jpg\" alt=\"\" width=\"160\" height=\"200\" srcset=\"https:\/\/iska-marina.fr\/wp-content\/uploads\/2018\/03\/P_20170310_180425_1-240x300.jpg 240w, https:\/\/iska-marina.fr\/wp-content\/uploads\/2018\/03\/P_20170310_180425_1-768x958.jpg 768w, https:\/\/iska-marina.fr\/wp-content\/uploads\/2018\/03\/P_20170310_180425_1-821x1024.jpg 821w, https:\/\/iska-marina.fr\/wp-content\/uploads\/2018\/03\/P_20170310_180425_1-1024x1278.jpg 1024w, https:\/\/iska-marina.fr\/wp-content\/uploads\/2018\/03\/P_20170310_180425_1-865x1080.jpg 865w, https:\/\/iska-marina.fr\/wp-content\/uploads\/2018\/03\/P_20170310_180425_1.jpg 1432w\" sizes=\"(max-width: 160px) 100vw, 160px\" \/>\u00a0<img loading=\"lazy\" decoding=\"async\" data-attachment-id=\"330\" data-permalink=\"https:\/\/iska-marina.fr\/index.php\/ferme\/p_20171017_094347_1\/\" data-orig-file=\"https:\/\/iska-marina.fr\/wp-content\/uploads\/2018\/03\/P_20171017_094347_1.jpg\" data-orig-size=\"2304,4096\" data-comments-opened=\"1\" data-image-meta=\"{&quot;aperture&quot;:&quot;0&quot;,&quot;credit&quot;:&quot;&quot;,&quot;camera&quot;:&quot;ASUS_Z011D&quot;,&quot;caption&quot;:&quot;&quot;,&quot;created_timestamp&quot;:&quot;1508233427&quot;,&quot;copyright&quot;:&quot;&quot;,&quot;focal_length&quot;:&quot;3.78&quot;,&quot;iso&quot;:&quot;400&quot;,&quot;shutter_speed&quot;:&quot;0.0036231884057971&quot;,&quot;title&quot;:&quot;&quot;,&quot;orientation&quot;:&quot;1&quot;}\" data-image-title=\"P_20171017_094347_1\" data-image-description=\"\" data-image-caption=\"\" data-medium-file=\"https:\/\/iska-marina.fr\/wp-content\/uploads\/2018\/03\/P_20171017_094347_1-169x300.jpg\" data-large-file=\"https:\/\/iska-marina.fr\/wp-content\/uploads\/2018\/03\/P_20171017_094347_1-576x1024.jpg\" class=\"wp-image-330 alignleft\" src=\"https:\/\/iska-marina.fr\/wp-content\/uploads\/2018\/03\/P_20171017_094347_1-169x300.jpg\" alt=\"\" width=\"113\" height=\"200\" srcset=\"https:\/\/iska-marina.fr\/wp-content\/uploads\/2018\/03\/P_20171017_094347_1-169x300.jpg 169w, https:\/\/iska-marina.fr\/wp-content\/uploads\/2018\/03\/P_20171017_094347_1-768x1365.jpg 768w, https:\/\/iska-marina.fr\/wp-content\/uploads\/2018\/03\/P_20171017_094347_1-576x1024.jpg 576w, https:\/\/iska-marina.fr\/wp-content\/uploads\/2018\/03\/P_20171017_094347_1-1024x1820.jpg 1024w, https:\/\/iska-marina.fr\/wp-content\/uploads\/2018\/03\/P_20171017_094347_1-608x1080.jpg 608w\" sizes=\"(max-width: 113px) 100vw, 113px\" \/>\u00a0<img loading=\"lazy\" decoding=\"async\" data-attachment-id=\"339\" data-permalink=\"https:\/\/iska-marina.fr\/index.php\/ferme\/p_20180314_113918_1\/\" data-orig-file=\"https:\/\/iska-marina.fr\/wp-content\/uploads\/2018\/03\/P_20180314_113918_1.jpg\" data-orig-size=\"977,1025\" data-comments-opened=\"1\" data-image-meta=\"{&quot;aperture&quot;:&quot;0&quot;,&quot;credit&quot;:&quot;&quot;,&quot;camera&quot;:&quot;ASUS_Z011D&quot;,&quot;caption&quot;:&quot;&quot;,&quot;created_timestamp&quot;:&quot;1521027557&quot;,&quot;copyright&quot;:&quot;&quot;,&quot;focal_length&quot;:&quot;3.78&quot;,&quot;iso&quot;:&quot;400&quot;,&quot;shutter_speed&quot;:&quot;0.0012626262626263&quot;,&quot;title&quot;:&quot;&quot;,&quot;orientation&quot;:&quot;1&quot;}\" data-image-title=\"P_20180314_113918_1\" data-image-description=\"\" data-image-caption=\"\" data-medium-file=\"https:\/\/iska-marina.fr\/wp-content\/uploads\/2018\/03\/P_20180314_113918_1-286x300.jpg\" data-large-file=\"https:\/\/iska-marina.fr\/wp-content\/uploads\/2018\/03\/P_20180314_113918_1-976x1024.jpg\" class=\"wp-image-339 alignleft\" src=\"https:\/\/iska-marina.fr\/wp-content\/uploads\/2018\/03\/P_20180314_113918_1-286x300.jpg\" alt=\"\" width=\"191\" height=\"200\" srcset=\"https:\/\/iska-marina.fr\/wp-content\/uploads\/2018\/03\/P_20180314_113918_1-286x300.jpg 286w, https:\/\/iska-marina.fr\/wp-content\/uploads\/2018\/03\/P_20180314_113918_1-768x806.jpg 768w, https:\/\/iska-marina.fr\/wp-content\/uploads\/2018\/03\/P_20180314_113918_1-976x1024.jpg 976w, https:\/\/iska-marina.fr\/wp-content\/uploads\/2018\/03\/P_20180314_113918_1.jpg 977w\" sizes=\"(max-width: 191px) 100vw, 191px\" \/>\u00a0<img loading=\"lazy\" decoding=\"async\" data-attachment-id=\"341\" data-permalink=\"https:\/\/iska-marina.fr\/index.php\/ferme\/29178613_10216316056841976_730732958213734400_n\/\" data-orig-file=\"https:\/\/iska-marina.fr\/wp-content\/uploads\/2018\/03\/29178613_10216316056841976_730732958213734400_n-e1522177251799.jpg\" data-orig-size=\"556,506\" data-comments-opened=\"1\" data-image-meta=\"{&quot;aperture&quot;:&quot;0&quot;,&quot;credit&quot;:&quot;&quot;,&quot;camera&quot;:&quot;&quot;,&quot;caption&quot;:&quot;&quot;,&quot;created_timestamp&quot;:&quot;0&quot;,&quot;copyright&quot;:&quot;&quot;,&quot;focal_length&quot;:&quot;0&quot;,&quot;iso&quot;:&quot;0&quot;,&quot;shutter_speed&quot;:&quot;0&quot;,&quot;title&quot;:&quot;&quot;,&quot;orientation&quot;:&quot;0&quot;}\" data-image-title=\"29178613_10216316056841976_730732958213734400_n\" data-image-description=\"\" data-image-caption=\"\" data-medium-file=\"https:\/\/iska-marina.fr\/wp-content\/uploads\/2018\/03\/29178613_10216316056841976_730732958213734400_n-e1522177251799-300x273.jpg\" data-large-file=\"https:\/\/iska-marina.fr\/wp-content\/uploads\/2018\/03\/29178613_10216316056841976_730732958213734400_n-e1522177251799.jpg\" class=\"wp-image-341 alignleft\" src=\"https:\/\/iska-marina.fr\/wp-content\/uploads\/2018\/03\/29178613_10216316056841976_730732958213734400_n-e1522177251799-300x273.jpg\" alt=\"\" width=\"220\" height=\"200\" srcset=\"https:\/\/iska-marina.fr\/wp-content\/uploads\/2018\/03\/29178613_10216316056841976_730732958213734400_n-e1522177251799-300x273.jpg 300w, https:\/\/iska-marina.fr\/wp-content\/uploads\/2018\/03\/29178613_10216316056841976_730732958213734400_n-e1522177251799.jpg 556w\" sizes=\"(max-width: 220px) 100vw, 220px\" \/>\u00a0<img loading=\"lazy\" decoding=\"async\" data-attachment-id=\"342\" data-permalink=\"https:\/\/iska-marina.fr\/index.php\/ferme\/29243913_10216341215950938_2083357372499099648_n\/\" data-orig-file=\"https:\/\/iska-marina.fr\/wp-content\/uploads\/2018\/03\/29243913_10216341215950938_2083357372499099648_n-e1522177189582.jpg\" data-orig-size=\"561,592\" data-comments-opened=\"1\" data-image-meta=\"{&quot;aperture&quot;:&quot;0&quot;,&quot;credit&quot;:&quot;&quot;,&quot;camera&quot;:&quot;&quot;,&quot;caption&quot;:&quot;&quot;,&quot;created_timestamp&quot;:&quot;0&quot;,&quot;copyright&quot;:&quot;&quot;,&quot;focal_length&quot;:&quot;0&quot;,&quot;iso&quot;:&quot;0&quot;,&quot;shutter_speed&quot;:&quot;0&quot;,&quot;title&quot;:&quot;&quot;,&quot;orientation&quot;:&quot;0&quot;}\" data-image-title=\"29243913_10216341215950938_2083357372499099648_n\" data-image-description=\"\" data-image-caption=\"\" data-medium-file=\"https:\/\/iska-marina.fr\/wp-content\/uploads\/2018\/03\/29243913_10216341215950938_2083357372499099648_n-e1522177189582-284x300.jpg\" data-large-file=\"https:\/\/iska-marina.fr\/wp-content\/uploads\/2018\/03\/29243913_10216341215950938_2083357372499099648_n-e1522177189582.jpg\" class=\"wp-image-342 alignleft\" src=\"https:\/\/iska-marina.fr\/wp-content\/uploads\/2018\/03\/29243913_10216341215950938_2083357372499099648_n-e1522177189582-284x300.jpg\" alt=\"\" width=\"190\" height=\"200\" srcset=\"https:\/\/iska-marina.fr\/wp-content\/uploads\/2018\/03\/29243913_10216341215950938_2083357372499099648_n-e1522177189582-284x300.jpg 284w, https:\/\/iska-marina.fr\/wp-content\/uploads\/2018\/03\/29243913_10216341215950938_2083357372499099648_n-e1522177189582.jpg 561w\" sizes=\"(max-width: 190px) 100vw, 190px\" \/><\/p>\n\n\n<figure class=\"wp-block-image size-large\"><img decoding=\"async\" src=\"https:\/\/m.facebook.com\/photo.php?fbid=786080673223288\" alt=\"\"\/><\/figure>\n\n\n\n<iframe loading=\"lazy\" src=\"https:\/\/www.facebook.com\/plugins\/video.php?height=314&#038;href=https%3A%2F%2Fwww.facebook.com%2Fferme.iska.marina%2Fvideos%2F226081508990194%2F&#038;show_text=true&#038;width=560&#038;t=0\" width=\"560\" height=\"429\" style=\"border:none;overflow:hidden\" scrolling=\"no\" frameborder=\"0\" allowfullscreen=\"true\" allow=\"autoplay; clipboard-write; encrypted-media; picture-in-picture; web-share\" allowFullScreen=\"true\"><\/iframe>\n","protected":false},"excerpt":{"rendered":"<p>Qui sommes-nous ? Iska et Marina, jeune couple de retour \u00e0 la terre apr\u00e8s quelques ann\u00e9es \u00e0 animer le d\u00e9veloppement de l&rsquo;agriculture biologique&#8230; Nous avons choisi de nous installer sur le village d&rsquo;enfance d&rsquo;Iska \u00e0 Saint-Martin-de-Curton dans le Lot-et-Garonne, en paysage des Landes de Gascogne et dans le pays bazadais. Notre philosophie paysanne ? Nous&hellip; <br \/> <a class=\"read-more\" href=\"https:\/\/iska-marina.fr\/index.php\/ferme\/\">Lire la suite<\/a><\/p>\n","protected":false},"author":1,"featured_media":0,"parent":0,"menu_order":0,"comment_status":"closed","ping_status":"closed","template":"","meta":{"_exactmetrics_skip_tracking":false,"_exactmetrics_sitenote_active":false,"_exactmetrics_sitenote_note":"","_exactmetrics_sitenote_category":0,"jetpack_post_was_ever_published":false,"footnotes":""},"class_list":["post-28","page","type-page","status-publish","hentry"],"jetpack_shortlink":"https:\/\/wp.me\/Paxaf4-s","jetpack_sharing_enabled":true,"_links":{"self":[{"href":"https:\/\/iska-marina.fr\/index.php\/wp-json\/wp\/v2\/pages\/28"}],"collection":[{"href":"https:\/\/iska-marina.fr\/index.php\/wp-json\/wp\/v2\/pages"}],"about":[{"href":"https:\/\/iska-marina.fr\/index.php\/wp-json\/wp\/v2\/types\/page"}],"author":[{"embeddable":true,"href":"https:\/\/iska-marina.fr\/index.php\/wp-json\/wp\/v2\/users\/1"}],"replies":[{"embeddable":true,"href":"https:\/\/iska-marina.fr\/index.php\/wp-json\/wp\/v2\/comments?post=28"}],"version-history":[{"count":7,"href":"https:\/\/iska-marina.fr\/index.php\/wp-json\/wp\/v2\/pages\/28\/revisions"}],"predecessor-version":[{"id":2145,"href":"https:\/\/iska-marina.fr\/index.php\/wp-json\/wp\/v2\/pages\/28\/revisions\/2145"}],"wp:attachment":[{"href":"https:\/\/iska-marina.fr\/index.php\/wp-json\/wp\/v2\/media?parent=28"}],"curies":[{"name":"wp","href":"https:\/\/api.w.org\/{rel}","templated":true}]}}